{"id":1333,"date":"2026-04-18T14:18:10","date_gmt":"2026-04-18T12:18:10","guid":{"rendered":"https:\/\/monika-rosenberger.de\/?post_type=tribe_events&#038;p=1333"},"modified":"2026-04-18T14:23:17","modified_gmt":"2026-04-18T12:23:17","slug":"unterwegs-2","status":"publish","type":"tribe_events","link":"https:\/\/monika-rosenberger.de\/?tribe_events=unterwegs-2","title":{"rendered":"unterwegs"},"content":{"rendered":"<div  class=\"tribe-events-schedule tribe-clearfix\" >\n\t<p class=\"tribe-events-schedule__datetime\">\n\t\t<span class=\"tribe-events-schedule__date tribe-events-schedule__date--start\">\n\t\t\t8. Mai\t\t<\/span>\n\n\t\t\t\t\t<span class=\"tribe-events-schedule__separator tribe-events-schedule__separator--date\">\n\t\t\t\t um \t\t\t<\/span>\n\t\t\t<span class=\"tribe-events-schedule__time tribe-events-schedule__time--start\">\n\t\t\t\t8:00\t\t\t<\/span>\n\t\t\n\t\t\t\t\t\t\t\t\t<span class=\"tribe-events-schedule__separator tribe-events-schedule__separator--time\">\n\t\t\t\t\t &#8211; \t\t\t\t<\/span>\n\t\t\t\n\t\t\t\t\t\t\t<span class=\"tribe-events-schedule__date tribe-events-schedule__date--end\">\n\t\t\t\t\t8. Juli\t\t\t\t<\/span>\n\n\t\t\t\t\t\t\t\t\t<span class=\"tribe-events-schedule__separator tribe-events-schedule__separator--date\">\n\t\t\t\t\t\t um \t\t\t\t\t<\/span>\n\t\t\t\t\t<span class=\"tribe-events-schedule__time tribe-events-schedule__time--end\">\n\t\t\t\t\t\t17:00\t\t\t\t\t<\/span>\n\t\t\t\t\n\t\t\t\n\t\t\t\t\t\t<\/p>\n<\/div>\n\n\n\n<p>Wein trifft Kunst<\/p>\n\n\n\n<p>In der Galerie Weinhandel Weber in Frickingen-Altheim stelle ich Bilder aus verschiedenen Schaffensperioden aus. Ulrich Buckenmeier wird in die Ausstellung einf\u00fchren und Manfred Aufricht pr\u00e4sentiert seine Weine. Ein Abend f\u00fcr die Augen, die Seele und den Gaumen.<\/p>\n\n\n\n<p><strong>Vernissage<\/strong> am Freitag, den 08.05.2026 in <\/p>\n\n\n\n<p>88699 Frickingen-Altheim, Linzgaustra\u00dfe 2<\/p>\n\n\n\n<p>07554\/8612<\/p>\n\n\n\n<p>www.weinhandel-weber.de<\/p>\n\n\n\n<p><\/p>\n\n\n\n<p><\/p>\n\n\n\n<p><\/p>\n\n\n<div  class=\"tribe-block tribe-block__event-price\" >\n\t\t<\/div>\n\n\n\n\n<div  class=\"tribe-block tribe-block__venue tribe-clearfix\" >\n\t\n\t\t\n\t<\/div>\n\n\n\n\n\t<div  class=\"tribe-block tribe-block__events-link\" >\n\t\t<div class=\"tribe-events tribe-common\">\n\t\t\t<div class=\"tribe-events-c-subscribe-dropdown__container\">\n\t\t\t\t<div class=\"tribe-events-c-subscribe-dropdown\">\n\t\t\t\t\t<div class=\"tribe-common-c-btn-border tribe-events-c-subscribe-dropdown__button\">\n\t\t\t\t\t\t<svg\n\t class=\"tribe-common-c-svgicon tribe-common-c-svgicon--cal-export tribe-events-c-subscribe-dropdown__export-icon\" \taria-hidden=\"true\"\n\tviewBox=\"0 0 23 17\"\n\txmlns=\"http:\/\/www.w3.org\/2000\/svg\"\n>\n\t<path fill-rule=\"evenodd\" clip-rule=\"evenodd\" d=\"M.128.896V16.13c0 .211.145.383.323.383h15.354c.179 0 .323-.172.323-.383V.896c0-.212-.144-.383-.323-.383H.451C.273.513.128.684.128.896Zm16 6.742h-.901V4.679H1.009v10.729h14.218v-3.336h.901V7.638ZM1.01 1.614h14.218v2.058H1.009V1.614Z\" \/>\n\t<path d=\"M20.5 9.846H8.312M18.524 6.953l2.89 2.909-2.855 2.855\" stroke-width=\"1.2\" stroke-linecap=\"round\" stroke-linejoin=\"round\"\/>\n<\/svg>\n\t\t\t\t\t\t<button\n\t\t\t\t\t\t\tclass=\"tribe-events-c-subscribe-dropdown__button-text\"\n\t\t\t\t\t\t\taria-expanded=\"false\"\n\t\t\t\t\t\t\taria-controls=\"tribe-events-subscribe-dropdown-content\"\n\t\t\t\t\t\t\taria-label=\"Zeigen Sie Links an um Veranstaltungen zu Ihrem Kalender hinzuzuf\u00fcgen\"\n\t\t\t\t\t\t>\n\t\t\t\t\t\t\tZum Kalender hinzuf\u00fcgen\t\t\t\t\t\t<\/button>\n\t\t\t\t\t\t<svg\n\t class=\"tribe-common-c-svgicon tribe-common-c-svgicon--caret-down tribe-events-c-subscribe-dropdown__button-icon\" \taria-hidden=\"true\"\n\tviewBox=\"0 0 10 7\"\n\txmlns=\"http:\/\/www.w3.org\/2000\/svg\"\n>\n\t<path fill-rule=\"evenodd\" clip-rule=\"evenodd\" d=\"M1.008.609L5 4.6 8.992.61l.958.958L5 6.517.05 1.566l.958-.958z\" class=\"tribe-common-c-svgicon__svg-fill\"\/>\n<\/svg>\n\t\t\t\t\t<\/div>\n\t\t\t\t\t<div id=\"tribe-events-subscribe-dropdown-content\" class=\"tribe-events-c-subscribe-dropdown__content\">\n\t\t\t\t\t\t<ul class=\"tribe-events-c-subscribe-dropdown__list\">\n\t\t\t\t\t\t\t\t\t\t\t\t\t\t\t<li class=\"tribe-events-c-subscribe-dropdown__list-item tribe-events-c-subscribe-dropdown__list-item--gcal\">\n\t\t\t\t\t\t\t\t\t<a\n\t\t\t\t\t\t\t\t\t\thref=\"https:\/\/www.google.com\/calendar\/event?action=TEMPLATE&#038;dates=20260508T080000\/20260708T170000&#038;text=unterwegs&#038;details=%3Cp%3EWein+trifft+Kunst%3C%2Fp%3E+%3Cp%3EIn+der+Galerie+Weinhandel+Weber+in+Frickingen-Altheim+stelle+ich+Bilder+aus+verschiedenen+Schaffensperioden+aus.+Ulrich+Buckenmeier+wird+in+die+Ausstellung+einf%C3%BChren+und+Manfred+Aufricht+pr%C3%A4sentiert+seine+Weine.+Ein+Abend+f%C3%BCr+die+Augen%2C+die+Seele+und+den+Gaumen.%3C%2Fp%3E+%3Cp%3E%3Cstrong%3EVernissage%3C%2Fstrong%3E+am+Freitag%2C+den+08.05.2026+in+%3C%2Fp%3E+%3Cp%3E88699+Frickingen-Altheim%2C+Linzgaustra%C3%9Fe+2%3C%2Fp%3E+%3Cp%3E07554%2F8612%3C%2Fp%3E+%3Cp%3Ewww.weinhandel-weber.de%3C%2Fp%3E+%3Cp%3E%3C%2Fp%3E+%3Cp%3E%3C%2Fp%3E+%3Cp%3E%3C%2Fp%3E+&#038;trp=false&#038;ctz=Europe\/Berlin&#038;sprop=website:https:\/\/monika-rosenberger.de\"\n\t\t\t\t\t\t\t\t\t\tclass=\"tribe-events-c-subscribe-dropdown__list-item-link\"\n\t\t\t\t\t\t\t\t\t\ttarget=\"_blank\"\n\t\t\t\t\t\t\t\t\t\trel=\"noopener noreferrer nofollow noindex\"\n\t\t\t\t\t\t\t\t\t>\n\t\t\t\t\t\t\t\t\t\tGoogle Kalender\t\t\t\t\t\t\t\t\t<\/a>\n\t\t\t\t\t\t\t\t<\/li>\n\t\t\t\t\t\t\t\t\t\t\t\t\t\t\t<li class=\"tribe-events-c-subscribe-dropdown__list-item tribe-events-c-subscribe-dropdown__list-item--ical\">\n\t\t\t\t\t\t\t\t\t<a\n\t\t\t\t\t\t\t\t\t\thref=\"\"\n\t\t\t\t\t\t\t\t\t\tclass=\"tribe-events-c-subscribe-dropdown__list-item-link\"\n\t\t\t\t\t\t\t\t\t\ttarget=\"_blank\"\n\t\t\t\t\t\t\t\t\t\trel=\"noopener noreferrer nofollow noindex\"\n\t\t\t\t\t\t\t\t\t>\n\t\t\t\t\t\t\t\t\t\tiCalendar\t\t\t\t\t\t\t\t\t<\/a>\n\t\t\t\t\t\t\t\t<\/li>\n\t\t\t\t\t\t\t\t\t\t\t\t\t\t\t<li class=\"tribe-events-c-subscribe-dropdown__list-item tribe-events-c-subscribe-dropdown__list-item--outlook-365\">\n\t\t\t\t\t\t\t\t\t<a\n\t\t\t\t\t\t\t\t\t\thref=\"\"\n\t\t\t\t\t\t\t\t\t\tclass=\"tribe-events-c-subscribe-dropdown__list-item-link\"\n\t\t\t\t\t\t\t\t\t\ttarget=\"_blank\"\n\t\t\t\t\t\t\t\t\t\trel=\"noopener noreferrer nofollow noindex\"\n\t\t\t\t\t\t\t\t\t>\n\t\t\t\t\t\t\t\t\t\tOutlook 365\t\t\t\t\t\t\t\t\t<\/a>\n\t\t\t\t\t\t\t\t<\/li>\n\t\t\t\t\t\t\t\t\t\t\t\t\t\t\t<li class=\"tribe-events-c-subscribe-dropdown__list-item tribe-events-c-subscribe-dropdown__list-item--outlook-live\">\n\t\t\t\t\t\t\t\t\t<a\n\t\t\t\t\t\t\t\t\t\thref=\"\"\n\t\t\t\t\t\t\t\t\t\tclass=\"tribe-events-c-subscribe-dropdown__list-item-link\"\n\t\t\t\t\t\t\t\t\t\ttarget=\"_blank\"\n\t\t\t\t\t\t\t\t\t\trel=\"noopener noreferrer nofollow noindex\"\n\t\t\t\t\t\t\t\t\t>\n\t\t\t\t\t\t\t\t\t\tOutlook Live\t\t\t\t\t\t\t\t\t<\/a>\n\t\t\t\t\t\t\t\t<\/li>\n\t\t\t\t\t\t\t\t\t\t\t\t\t<\/ul>\n\t\t\t\t\t<\/div>\n\t\t\t\t<\/div>\n\t\t\t<\/div>\n\t\t<\/div>\n\t<\/div>\n\n","protected":false},"excerpt":{"rendered":"<p>Wein trifft Kunst In der Galerie Weinhandel Weber in Frickingen-Altheim stelle ich Bilder aus verschiedenen Schaffensperioden aus. Ulrich Buckenmeier wird in die Ausstellung einf\u00fchren und Manfred Aufricht pr\u00e4sentiert seine Weine. &hellip; <\/p>\n<p class=\"link-more\"><a href=\"https:\/\/monika-rosenberger.de\/?tribe_events=unterwegs-2\" class=\"more-link\"><span class=\"screen-reader-text\">\u201eunterwegs\u201c <\/span>weiterlesen<\/a><\/p>\n","protected":false},"author":2,"featured_media":1336,"template":"","meta":{"_EventAllDay":false,"_EventTimezone":"Europe\/Berlin","_EventStartDate":"2026-05-08 08:00:00","_EventEndDate":"2026-07-08 17:00:00","_EventStartDateUTC":"2026-05-08 06:00:00","_EventEndDateUTC":"2026-07-08 15:00:00","_EventShowMap":false,"_EventShowMapLink":false,"_EventURL":"","_EventCost":"","_EventCostDescription":"","_EventCurrencySymbol":"\u20ac","_EventCurrencyCode":"USD","_EventCurrencyPosition":"prefix","_EventDateTimeSeparator":" um ","_EventTimeRangeSeparator":" - ","_EventOrganizerID":[],"_EventVenueID":[],"_OrganizerEmail":"","_OrganizerPhone":"","_OrganizerWebsite":"","_VenueAddress":"","_VenueCity":"","_VenueCountry":"","_VenueProvince":"","_VenueState":"","_VenueZip":"","_VenuePhone":"","_VenueURL":"","_VenueStateProvince":"","_VenueLat":"","_VenueLng":"","_VenueShowMap":false,"_VenueShowMapLink":false,"_tribe_events_status":"","_tribe_events_status_reason":"","footnotes":""},"tags":[],"tribe_events_cat":[],"class_list":["post-1333","tribe_events","type-tribe_events","status-publish","has-post-thumbnail","hentry"],"_links":{"self":[{"href":"https:\/\/monika-rosenberger.de\/index.php?rest_route=\/wp\/v2\/tribe_events\/1333","targetHints":{"allow":["GET"]}}],"collection":[{"href":"https:\/\/monika-rosenberger.de\/index.php?rest_route=\/wp\/v2\/tribe_events"}],"about":[{"href":"https:\/\/monika-rosenberger.de\/index.php?rest_route=\/wp\/v2\/types\/tribe_events"}],"author":[{"embeddable":true,"href":"https:\/\/monika-rosenberger.de\/index.php?rest_route=\/wp\/v2\/users\/2"}],"version-history":[{"count":1,"href":"https:\/\/monika-rosenberger.de\/index.php?rest_route=\/wp\/v2\/tribe_events\/1333\/revisions"}],"predecessor-version":[{"id":1334,"href":"https:\/\/monika-rosenberger.de\/index.php?rest_route=\/wp\/v2\/tribe_events\/1333\/revisions\/1334"}],"wp:featuredmedia":[{"embeddable":true,"href":"https:\/\/monika-rosenberger.de\/index.php?rest_route=\/wp\/v2\/media\/1336"}],"wp:attachment":[{"href":"https:\/\/monika-rosenberger.de\/index.php?rest_route=%2Fwp%2Fv2%2Fmedia&parent=1333"}],"wp:term":[{"taxonomy":"post_tag","embeddable":true,"href":"https:\/\/monika-rosenberger.de\/index.php?rest_route=%2Fwp%2Fv2%2Ftags&post=1333"},{"taxonomy":"tribe_events_cat","embeddable":true,"href":"https:\/\/monika-rosenberger.de\/index.php?rest_route=%2Fwp%2Fv2%2Ftribe_events_cat&post=1333"}],"curies":[{"name":"wp","href":"https:\/\/api.w.org\/{rel}","templated":true}]}}